{"id":10931,"date":"2023-12-12T16:22:06","date_gmt":"2023-12-12T19:22:06","guid":{"rendered":"https:\/\/promo.microdont.com.br\/accesorios\/"},"modified":"2026-05-27T07:12:43","modified_gmt":"2026-05-27T10:12:43","slug":"accesorios","status":"publish","type":"page","link":"https:\/\/microdont.com.br\/es\/accesorios\/","title":{"rendered":"Accesorios"},"content":{"rendered":"<div class=\"bg-primary\">\r\n\t<div class=\"container d-flex flex-column flex-md-row align-items-center justify-content-center py-4\">\r\n\r\n\t\t<h2 class=\"fs-5 text-white text-center text-md-start mb-4 mb-md-0 mx-3\">Reciba las novedades y promociones de Microdont<\/h2>\r\n\r\n\t\t<a class=\"btn btn-outline-white btn-transition border-white text-white mx-3\" href=\"#\" data-bs-toggle=\"modal\" data-bs-target=\"#ModalContato\"> Inscr\u00edbete <span class=\"bi-arrow-right small ms-1\"><\/span><\/a>\r\n\t<\/div>\r\n<\/div>\n<div id=\"broqueiros\" class=\"wp-block-group\"><div class=\"wp-block-group__inner-container is-layout-constrained wp-block-group-is-layout-constrained\">\n<div class=\"wp-block-media-text is-stacked-on-mobile wp-embed-aspect-16-9 wp-has-aspect-ratio ps-5 container\"><figure class=\"wp-block-media-text__media\"><img loading=\"lazy\" decoding=\"async\" width=\"1024\" height=\"1024\" src=\"https:\/\/microdont.com.br\/wp-content\/uploads\/2023\/10\/broqueiro-aberto-1024x1024.webp\" alt=\"\" class=\"wp-image-6388 size-large\" srcset=\"https:\/\/microdont.com.br\/wp-content\/uploads\/2023\/10\/broqueiro-aberto-1024x1024.webp 1024w, https:\/\/microdont.com.br\/wp-content\/uploads\/2023\/10\/broqueiro-aberto-300x300.webp 300w, https:\/\/microdont.com.br\/wp-content\/uploads\/2023\/10\/broqueiro-aberto-150x150.webp 150w, https:\/\/microdont.com.br\/wp-content\/uploads\/2023\/10\/broqueiro-aberto-768x768.webp 768w, https:\/\/microdont.com.br\/wp-content\/uploads\/2023\/10\/broqueiro-aberto-1536x1536.webp 1536w, https:\/\/microdont.com.br\/wp-content\/uploads\/2023\/10\/broqueiro-aberto-2048x2048.webp 2048w, https:\/\/microdont.com.br\/wp-content\/uploads\/2023\/10\/broqueiro-aberto-600x600.webp 600w, https:\/\/microdont.com.br\/wp-content\/uploads\/2023\/10\/broqueiro-aberto-100x100.webp 100w\" sizes=\"auto, (max-width: 1024px) 100vw, 1024px\" \/><\/figure><div class=\"wp-block-media-text__content\">\n<div class=\"wp-block-group pe-md-5\"><div class=\"wp-block-group__inner-container is-layout-constrained wp-block-group-is-layout-constrained\">\n<h6 class=\"wp-block-heading has-text-align-left has-text-color\" style=\"color:#377dff\">Brocha de aluminio<\/h6>\n\n\n\n<h2 class=\"wp-block-heading has-text-align-left fs-2 has-x-large-font-size\" style=\"font-style:normal;font-weight:600\">Pr\u00e1ctico sistema de apertura y cierre para una oficina m\u00e1s organizada<\/h2>\n\n\n\n<p class=\"wp-block-paragraph\">La fresa de aluminio es un accesorio dental que sirve para guardar y organizar fresas y otros instrumentos rotatorios. Est\u00e1 fabricada en aluminio, es autoclavable y tiene una tapa con un pr\u00e1ctico sistema de apertura y cierre. Est\u00e1 dise\u00f1ado para facilitar la organizaci\u00f3n y la seguridad de los procedimientos odontol\u00f3gicos.<\/p>\n\n\n\n<p class=\"small fw-semibold wp-block-paragraph\">Registro ANVISA: 80676920047<\/p>\n\n\n\n<div style=\"height:20px\" aria-hidden=\"true\" class=\"wp-block-spacer\"><\/div>\n<\/div><\/div>\n<\/div><\/div>\n\n\n\n<div class=\"wp-block-group\"><div class=\"wp-block-group__inner-container is-layout-constrained wp-block-group-is-layout-constrained\">\n<hr class=\"wp-block-separator has-text-color has-alpha-channel-opacity has-background container\" style=\"background-color:#cbcbcb;color:#cbcbcb\"\/>\n<\/div><\/div>\n\n\n\n<div class=\"wp-block-media-text has-media-on-the-right is-stacked-on-mobile wp-embed-aspect-16-9 wp-has-aspect-ratio ps-5 container\"><div class=\"wp-block-media-text__content\">\n<div class=\"wp-block-group pe-md-5\"><div class=\"wp-block-group__inner-container is-layout-constrained wp-block-group-is-layout-constrained\">\n<h6 class=\"wp-block-heading has-text-align-left has-text-color\" style=\"color:#377dff\">Broche acr\u00edlico<\/h6>\n\n\n\n<h2 class=\"wp-block-heading has-text-align-left fs-2 has-x-large-font-size\" style=\"font-style:normal;font-weight:600\">Practicidad, seguridad y calidad para las consultas dentales<\/h2>\n\n\n\n<p class=\"wp-block-paragraph\">La fresa acr\u00edlica es un accesorio dental que se utiliza para guardar y organizar fresas y otros instrumentos rotatorios. Est\u00e1 hecho de acr\u00edlico, viene en diferentes tama\u00f1os y tiene un sistema de cierre magn\u00e9tico que facilita su manejo y limpieza.<\/p>\n\n\n\n<p class=\"small fw-semibold wp-block-paragraph\">Registro ANVISA: 80676920042<\/p>\n\n\n\n<div style=\"height:20px\" aria-hidden=\"true\" class=\"wp-block-spacer\"><\/div>\n<\/div><\/div>\n<\/div><figure class=\"wp-block-media-text__media\"><img loading=\"lazy\" decoding=\"async\" width=\"1024\" height=\"1024\" src=\"https:\/\/microdont.com.br\/wp-content\/uploads\/2023\/12\/broqueiro-de-acrilico-1024x1024.webp\" alt=\"\" class=\"wp-image-6852 size-large\" srcset=\"https:\/\/microdont.com.br\/wp-content\/uploads\/2023\/12\/broqueiro-de-acrilico-1024x1024.webp 1024w, https:\/\/microdont.com.br\/wp-content\/uploads\/2023\/12\/broqueiro-de-acrilico-300x300.webp 300w, https:\/\/microdont.com.br\/wp-content\/uploads\/2023\/12\/broqueiro-de-acrilico-150x150.webp 150w, https:\/\/microdont.com.br\/wp-content\/uploads\/2023\/12\/broqueiro-de-acrilico-768x768.webp 768w, https:\/\/microdont.com.br\/wp-content\/uploads\/2023\/12\/broqueiro-de-acrilico-600x600.webp 600w, https:\/\/microdont.com.br\/wp-content\/uploads\/2023\/12\/broqueiro-de-acrilico-100x100.webp 100w, https:\/\/microdont.com.br\/wp-content\/uploads\/2023\/12\/broqueiro-de-acrilico.webp 1536w\" sizes=\"auto, (max-width: 1024px) 100vw, 1024px\" \/><\/figure><\/div>\n\n\n\n<div class=\"wp-block-group\"><div class=\"wp-block-group__inner-container is-layout-constrained wp-block-group-is-layout-constrained\">\n<hr class=\"wp-block-separator has-text-color has-alpha-channel-opacity has-background container\" style=\"background-color:#cbcbcb;color:#cbcbcb\"\/>\n<\/div><\/div>\n\n\n\n<div class=\"wp-block-media-text is-stacked-on-mobile wp-embed-aspect-16-9 wp-has-aspect-ratio ps-5 container d-none\" id=\"broqueiro-modular\"><figure class=\"wp-block-media-text__media\"><img loading=\"lazy\" decoding=\"async\" width=\"1024\" height=\"1024\" src=\"https:\/\/microdont.com.br\/wp-content\/uploads\/2025\/03\/broqueiro-modular-1024x1024.webp\" alt=\"\" class=\"wp-image-14937 size-large\" srcset=\"https:\/\/microdont.com.br\/wp-content\/uploads\/2025\/03\/broqueiro-modular-1024x1024.webp 1024w, https:\/\/microdont.com.br\/wp-content\/uploads\/2025\/03\/broqueiro-modular-300x300.webp 300w, https:\/\/microdont.com.br\/wp-content\/uploads\/2025\/03\/broqueiro-modular-150x150.webp 150w, https:\/\/microdont.com.br\/wp-content\/uploads\/2025\/03\/broqueiro-modular-768x768.webp 768w, https:\/\/microdont.com.br\/wp-content\/uploads\/2025\/03\/broqueiro-modular-600x600.webp 600w, https:\/\/microdont.com.br\/wp-content\/uploads\/2025\/03\/broqueiro-modular-100x100.webp 100w, https:\/\/microdont.com.br\/wp-content\/uploads\/2025\/03\/broqueiro-modular.webp 1536w\" sizes=\"auto, (max-width: 1024px) 100vw, 1024px\" \/><\/figure><div class=\"wp-block-media-text__content\">\n<div class=\"wp-block-group pe-md-5\"><div class=\"wp-block-group__inner-container is-layout-constrained wp-block-group-is-layout-constrained\">\n<h6 class=\"wp-block-heading has-text-align-left has-text-color\" style=\"color:#377dff\">Taladro modular<\/h6>\n\n\n\n<h2 class=\"wp-block-heading has-text-align-left fs-2 has-x-large-font-size\" style=\"font-style:normal;font-weight:600\">Experimenta la calidad que transforma la vida cl\u00ednica cotidiana<\/h2>\n\n\n\n<p class=\"wp-block-paragraph\">Fabricados en acr\u00edlico 100% autoclavable, estos portabrocas ofrecen una soluci\u00f3n pr\u00e1ctica y segura para guardar brocas de distintos tipos y tama\u00f1os. Su dise\u00f1o modular permite una f\u00e1cil esterilizaci\u00f3n, optimizando tu tiempo y manteniendo organizado tu espacio de trabajo. <\/p>\n\n\n\n<div style=\"height:20px\" aria-hidden=\"true\" class=\"wp-block-spacer\"><\/div>\n<\/div><\/div>\n<\/div><\/div>\n<\/div><\/div>\n\n<div class=\"wp-block-group\"><div class=\"wp-block-group__inner-container is-layout-constrained wp-block-group-is-layout-constrained\">\n<div class=\"wp-block-media-text has-media-on-the-right is-stacked-on-mobile wp-embed-aspect-16-9 wp-has-aspect-ratio has-background\" style=\"background-color:#15181b\"><div class=\"wp-block-media-text__content\">\n<div class=\"wp-block-group px-3\"><div class=\"wp-block-group__inner-container is-layout-constrained wp-block-group-is-layout-constrained\">\n<div style=\"height:150px\" aria-hidden=\"true\" class=\"wp-block-spacer\"><\/div>\n\n\n\n<h6 class=\"wp-block-heading has-text-align-left text-blue has-white-color has-text-color\">Calidad Microdont<\/h6>\n\n\n\n<div style=\"height:20px\" aria-hidden=\"true\" class=\"wp-block-spacer\"><\/div>\n\n\n\n<h2 class=\"wp-block-heading has-text-align-left mb-4 fw-semibold has-white-color has-text-color has-x-large-font-size\">Una oficina m\u00e1s completa para diferentes tipos de procedimientos<\/h2>\n\n\n\n<div style=\"height:35px\" aria-hidden=\"true\" class=\"wp-block-spacer\"><\/div>\n\n\n\r\n\r\n<a class=\"btn btn-primary btn-transition\" href=\"#\" data-bs-toggle=\"modal\" data-bs-target=\"#ModalContato\">Inscr\u00edbete<\/a>\r\n\n\n\n<div style=\"height:150px\" aria-hidden=\"true\" class=\"wp-block-spacer\"><\/div>\n<\/div><\/div>\n<\/div><figure class=\"wp-block-media-text__media\"><img loading=\"lazy\" decoding=\"async\" width=\"1024\" height=\"683\" src=\"https:\/\/microdont.com.br\/wp-content\/uploads\/2024\/01\/acessorios-cta-microdont-1024x683.webp\" alt=\"\" class=\"wp-image-7907 size-full\" srcset=\"https:\/\/microdont.com.br\/wp-content\/uploads\/2024\/01\/acessorios-cta-microdont-1024x683.webp 1024w, https:\/\/microdont.com.br\/wp-content\/uploads\/2024\/01\/acessorios-cta-microdont-300x200.webp 300w, https:\/\/microdont.com.br\/wp-content\/uploads\/2024\/01\/acessorios-cta-microdont-768x513.webp 768w, https:\/\/microdont.com.br\/wp-content\/uploads\/2024\/01\/acessorios-cta-microdont-600x400.webp 600w, https:\/\/microdont.com.br\/wp-content\/uploads\/2024\/01\/acessorios-cta-microdont.webp 1536w\" sizes=\"auto, (max-width: 1024px) 100vw, 1024px\" \/><\/figure><\/div>\n<\/div><\/div>\n\n<div class=\"wp-block-media-text is-stacked-on-mobile wp-embed-aspect-16-9 wp-has-aspect-ratio ps-5 container\" id=\"tamborel\"><figure class=\"wp-block-media-text__media\"><img loading=\"lazy\" decoding=\"async\" width=\"1024\" height=\"924\" src=\"https:\/\/microdont.com.br\/wp-content\/uploads\/2023\/12\/tamborel-1024x924.webp\" alt=\"\" class=\"wp-image-6850 size-large\" srcset=\"https:\/\/microdont.com.br\/wp-content\/uploads\/2023\/12\/tamborel-1024x924.webp 1024w, https:\/\/microdont.com.br\/wp-content\/uploads\/2023\/12\/tamborel-300x271.webp 300w, https:\/\/microdont.com.br\/wp-content\/uploads\/2023\/12\/tamborel-768x693.webp 768w, https:\/\/microdont.com.br\/wp-content\/uploads\/2023\/12\/tamborel-600x541.webp 600w, https:\/\/microdont.com.br\/wp-content\/uploads\/2023\/12\/tamborel.webp 1536w\" sizes=\"auto, (max-width: 1024px) 100vw, 1024px\" \/><\/figure><div class=\"wp-block-media-text__content\">\n<div class=\"wp-block-group pe-md-5\"><div class=\"wp-block-group__inner-container is-layout-constrained wp-block-group-is-layout-constrained\">\n<h6 class=\"wp-block-heading has-text-align-left has-text-color\" style=\"color:#377dff\">Soporte para lima &#8211; Tambourel<\/h6>\n\n\n\n<h2 class=\"wp-block-heading has-text-align-left fs-2 has-x-large-font-size\" style=\"font-style:normal;font-weight:600\">Mayor seguridad y control en los procedimientos endod\u00f3nticos<\/h2>\n\n\n\n<p class=\"wp-block-paragraph\">Un tambor es un accesorio dental utilizado para guardar limas y otros instrumentos endod\u00f3nticos. Es de aluminio anodizado, est\u00e1 disponible en varios colores y es autoclavable. Evita que se da\u00f1en los instrumentos endod\u00f3nticos delicados, como las limas, y tambi\u00e9n evita el riesgo de perforaci\u00f3n y la consiguiente contaminaci\u00f3n para el dentista, ya que los instrumentos estar\u00e1n en el tambor con la parte activa orientada hacia el interior del accesorio, y no expuestos en la bandeja cl\u00ednica con los dem\u00e1s instrumentos.<\/p>\n\n\n\n<div style=\"height:20px\" aria-hidden=\"true\" class=\"wp-block-spacer\"><\/div>\n<\/div><\/div>\n<\/div><\/div>\n\n<div class=\"wp-block-group d-none\"><div class=\"wp-block-group__inner-container is-layout-constrained wp-block-group-is-layout-constrained\">\n<hr class=\"wp-block-separator has-text-color has-alpha-channel-opacity has-background container\" style=\"background-color:#cbcbcb;color:#cbcbcb\"\/>\n\n\n\n<div style=\"height:70px\" aria-hidden=\"true\" class=\"wp-block-spacer\"><\/div>\n<\/div><\/div>\n\n<div class=\"wp-block-media-text is-stacked-on-mobile d-none wp-embed-aspect-16-9 wp-has-aspect-ratio ps-5 container\" id=\"cabo-d-none\"><figure class=\"wp-block-media-text__media\"><img loading=\"lazy\" decoding=\"async\" width=\"1024\" height=\"924\" src=\"https:\/\/microdont.com.br\/wp-content\/uploads\/2023\/12\/cabos-para-espelho-1024x924.webp\" alt=\"\" class=\"wp-image-6848 size-large\" srcset=\"https:\/\/microdont.com.br\/wp-content\/uploads\/2023\/12\/cabos-para-espelho-1024x924.webp 1024w, https:\/\/microdont.com.br\/wp-content\/uploads\/2023\/12\/cabos-para-espelho-300x271.webp 300w, https:\/\/microdont.com.br\/wp-content\/uploads\/2023\/12\/cabos-para-espelho-768x693.webp 768w, https:\/\/microdont.com.br\/wp-content\/uploads\/2023\/12\/cabos-para-espelho-600x541.webp 600w, https:\/\/microdont.com.br\/wp-content\/uploads\/2023\/12\/cabos-para-espelho.webp 1536w\" sizes=\"auto, (max-width: 1024px) 100vw, 1024px\" \/><\/figure><div class=\"wp-block-media-text__content\">\n<div class=\"wp-block-group pe-md-5\"><div class=\"wp-block-group__inner-container is-layout-constrained wp-block-group-is-layout-constrained\">\n<h6 class=\"wp-block-heading has-text-align-left has-text-color\" style=\"color:#377dff\">Empu\u00f1adura de espejo<\/h6>\n\n\n\n<h2 class=\"wp-block-heading has-text-align-left fs-2 has-x-large-font-size\" style=\"font-style:normal;font-weight:600\">Ayuda a un mayor alcance bucal durante los procedimientos cl\u00ednicos<\/h2>\n\n\n\n<p class=\"wp-block-paragraph\">El mango de espejo es un instrumento odontol\u00f3gico que se utiliza para colocar el espejo cl\u00ednico y facilitar la visibilidad de la cavidad bucal. Es de aluminio, est\u00e1 disponible en varios colores y es autoclavable. Est\u00e1 dise\u00f1ado para facilitar la ergonom\u00eda y la comodidad del cirujano dental. Viene en 4 opciones de color para que su oficina se parezca a usted.<\/p>\n<\/div><\/div>\n<\/div><\/div>\n\n<div class=\"wp-block-group d-none\"><div class=\"wp-block-group__inner-container is-layout-constrained wp-block-group-is-layout-constrained\">\n<div style=\"height:70px\" aria-hidden=\"true\" class=\"wp-block-spacer\"><\/div>\n\n\n\n<hr class=\"wp-block-separator has-text-color has-alpha-channel-opacity has-background container\" style=\"background-color:#cbcbcb;color:#cbcbcb\"\/>\n\n\n\n<div style=\"height:70px\" aria-hidden=\"true\" class=\"wp-block-spacer\"><\/div>\n<\/div><\/div>\n\n<div class=\"wp-block-media-text has-media-on-the-right is-stacked-on-mobile wp-embed-aspect-16-9 wp-has-aspect-ratio ps-5 container\" id=\"reguas\"><div class=\"wp-block-media-text__content\">\n<div class=\"wp-block-group pe-md-5\"><div class=\"wp-block-group__inner-container is-layout-constrained wp-block-group-is-layout-constrained\">\n<h6 class=\"wp-block-heading has-text-align-left has-text-color\" style=\"color:#377dff\">Regla milimetrada para endodoncia<\/h6>\n\n\n\n<h2 class=\"wp-block-heading has-text-align-left fs-2 has-x-large-font-size\" style=\"font-style:normal;font-weight:600\">Precisi\u00f3n milim\u00e9trica y eficacia en los tratamientos de endodoncia<\/h2>\n\n\n\n<p class=\"wp-block-paragraph\">La regla milimetrada de endodoncia es un accesorio odontol\u00f3gico utilizado para medir limas y otros instrumentos de endodoncia en etapas como la odontometr\u00eda. Es de aluminio anodizado, tiene 30 mm de longitud y es autoclavable. Ayuda a calibrar los instrumentos que se manipular\u00e1n dentro del conducto, ofreciendo la precisi\u00f3n y seguridad que requieren los procedimientos endod\u00f3nticos.<\/p>\n\n\n\n<p class=\"small fw-semibold wp-block-paragraph\">Registro ANVISA: 80676920051<\/p>\n<\/div><\/div>\n<\/div><figure class=\"wp-block-media-text__media\"><img loading=\"lazy\" decoding=\"async\" width=\"1024\" height=\"924\" src=\"https:\/\/microdont.com.br\/wp-content\/uploads\/2023\/12\/regua-endo-1024x924.webp\" alt=\"\" class=\"wp-image-7001 size-large\" srcset=\"https:\/\/microdont.com.br\/wp-content\/uploads\/2023\/12\/regua-endo-1024x924.webp 1024w, https:\/\/microdont.com.br\/wp-content\/uploads\/2023\/12\/regua-endo-300x271.webp 300w, https:\/\/microdont.com.br\/wp-content\/uploads\/2023\/12\/regua-endo-768x693.webp 768w, https:\/\/microdont.com.br\/wp-content\/uploads\/2023\/12\/regua-endo-600x541.webp 600w, https:\/\/microdont.com.br\/wp-content\/uploads\/2023\/12\/regua-endo.webp 1536w\" sizes=\"auto, (max-width: 1024px) 100vw, 1024px\" \/><\/figure><\/div>\n\n<div class=\"wp-block-group\"><div class=\"wp-block-group__inner-container is-layout-constrained wp-block-group-is-layout-constrained\">\n<div style=\"height:70px\" aria-hidden=\"true\" class=\"wp-block-spacer\"><\/div>\n\n\n\n<hr class=\"wp-block-separator has-text-color has-alpha-channel-opacity has-background container\" style=\"background-color:#cbcbcb;color:#cbcbcb\"\/>\n\n\n\n<div style=\"height:70px\" aria-hidden=\"true\" class=\"wp-block-spacer\"><\/div>\n<\/div><\/div>\n\n<div class=\"wp-block-media-text is-stacked-on-mobile wp-embed-aspect-16-9 wp-has-aspect-ratio ps-5 container\" id=\"aplicadores\"><figure class=\"wp-block-media-text__media\"><img loading=\"lazy\" decoding=\"async\" width=\"1024\" height=\"825\" src=\"https:\/\/microdont.com.br\/wp-content\/uploads\/2024\/06\/microdont-brush.webp\" alt=\"\" class=\"wp-image-12314 size-large\" srcset=\"https:\/\/microdont.com.br\/wp-content\/uploads\/2024\/06\/microdont-brush.webp 1024w, https:\/\/microdont.com.br\/wp-content\/uploads\/2024\/06\/microdont-brush-300x242.webp 300w, https:\/\/microdont.com.br\/wp-content\/uploads\/2024\/06\/microdont-brush-768x619.webp 768w, https:\/\/microdont.com.br\/wp-content\/uploads\/2024\/06\/microdont-brush-600x483.webp 600w\" sizes=\"auto, (max-width: 1024px) 100vw, 1024px\" \/><\/figure><div class=\"wp-block-media-text__content\">\n<div class=\"wp-block-group pe-md-5\"><div class=\"wp-block-group__inner-container is-layout-constrained wp-block-group-is-layout-constrained\">\n<h6 class=\"wp-block-heading has-text-align-left has-text-color\" style=\"color:#377dff\">Aplicadores desechables<\/h6>\n\n\n\n<h2 class=\"wp-block-heading has-text-align-left fs-2 has-x-large-font-size\" style=\"font-style:normal;font-weight:600\">Aplicaci\u00f3n m\u00e1s precisa y segura de diversos materiales dentales<\/h2>\n\n\n\n<p class=\"wp-block-paragraph\">Los aplicadores desechables Microdont Brush contribuyen a la higiene, precisi\u00f3n y eficacia de los tratamientos dentales. Se utilizan para aplicar sustancias como adhesivos, selladores, agentes hemost\u00e1ticos, imprimaciones, etc. Al ser desechables, minimizan el riesgo de contaminaci\u00f3n cruzada.  <\/p>\n\n\n\n<p class=\"wp-block-paragraph\">Se suministran en tres colores para identificar las fibras (regulares, finas y extrafinas), absorben el material sin gotear y tienen varillas de pl\u00e1stico que se pueden doblar en cualquier \u00e1ngulo, lo que proporciona una mayor accesibilidad en las aplicaciones.<\/p>\n\n\n\n<p class=\"small fw-semibold wp-block-paragraph\">Registro ANVISA: 80676920019<\/p>\n<\/div><\/div>\n<\/div><\/div>\n\n<div class=\"wp-block-group\"><div class=\"wp-block-group__inner-container is-layout-constrained wp-block-group-is-layout-constrained\">\n<div style=\"height:70px\" aria-hidden=\"true\" class=\"wp-block-spacer\"><\/div>\n\n\n\n<hr class=\"wp-block-separator has-text-color has-alpha-channel-opacity has-background container\" style=\"background-color:#cbcbcb;color:#cbcbcb\"\/>\n\n\n\n<div style=\"height:70px\" aria-hidden=\"true\" class=\"wp-block-spacer\"><\/div>\n<\/div><\/div>\n\n<div class=\"wp-block-media-text has-media-on-the-right is-stacked-on-mobile wp-embed-aspect-16-9 wp-has-aspect-ratio ps-5 container\" id=\"lencois\"><div class=\"wp-block-media-text__content\">\n<div class=\"wp-block-group pe-md-5\"><div class=\"wp-block-group__inner-container is-layout-constrained wp-block-group-is-layout-constrained\">\n<h6 class=\"wp-block-heading has-text-align-left has-text-color\" style=\"color:#377dff\">Hoja de caucho<\/h6>\n\n\n\n<h2 class=\"wp-block-heading has-text-align-left fs-2 has-x-large-font-size\" style=\"font-style:normal;font-weight:600\">Aislamiento absoluto para procedimientos seguros y eficaces<\/h2>\n\n\n\n<p class=\"wp-block-paragraph\">La l\u00e1mina de caucho dental es un accesorio esencial para el aislamiento absoluto durante los procedimientos dentales. Fabricado con l\u00e1tex natural, combina flexibilidad y resistencia, garantizando seguridad y eficacia en la contenci\u00f3n de saliva, sangre y otros fluidos indeseables. Tambi\u00e9n mantiene el campo operatorio limpio, seco y as\u00e9ptico, proporcionando mejores condiciones de trabajo al dentista y mayor comodidad al paciente.  <\/p>\n<\/div><\/div>\n<\/div><figure class=\"wp-block-media-text__media\"><img loading=\"lazy\" decoding=\"async\" width=\"1024\" height=\"825\" src=\"https:\/\/microdont.com.br\/wp-content\/uploads\/2025\/01\/microdont-lencol-de-borracha.webp\" alt=\"\" class=\"wp-image-14705 size-large\" srcset=\"https:\/\/microdont.com.br\/wp-content\/uploads\/2025\/01\/microdont-lencol-de-borracha.webp 1024w, https:\/\/microdont.com.br\/wp-content\/uploads\/2025\/01\/microdont-lencol-de-borracha-300x242.webp 300w, https:\/\/microdont.com.br\/wp-content\/uploads\/2025\/01\/microdont-lencol-de-borracha-768x619.webp 768w, https:\/\/microdont.com.br\/wp-content\/uploads\/2025\/01\/microdont-lencol-de-borracha-600x483.webp 600w\" sizes=\"auto, (max-width: 1024px) 100vw, 1024px\" \/><\/figure><\/div>\n\n<div class=\"wp-block-group\"><div class=\"wp-block-group__inner-container is-layout-constrained wp-block-group-is-layout-constrained\">\n<div style=\"height:70px\" aria-hidden=\"true\" class=\"wp-block-spacer\"><\/div>\n\n\n\n<hr class=\"wp-block-separator has-text-color has-alpha-channel-opacity has-background container\" style=\"background-color:#cbcbcb;color:#cbcbcb\"\/>\n\n\n\n<div style=\"height:70px\" aria-hidden=\"true\" class=\"wp-block-spacer\"><\/div>\n<\/div><\/div>\n\n<div class=\"wp-block-media-text is-stacked-on-mobile wp-embed-aspect-16-9 wp-has-aspect-ratio ps-5 container\" id=\"calibrador\"><figure class=\"wp-block-media-text__media\"><img loading=\"lazy\" decoding=\"async\" width=\"600\" height=\"600\" src=\"https:\/\/microdont.com.br\/wp-content\/uploads\/2026\/05\/10.330.003-Calibrador-de-Reducao-IPR-V1.png\" alt=\"Calibrador MIR\" class=\"wp-image-23146 size-large\" srcset=\"https:\/\/microdont.com.br\/wp-content\/uploads\/2026\/05\/10.330.003-Calibrador-de-Reducao-IPR-V1.png 600w, https:\/\/microdont.com.br\/wp-content\/uploads\/2026\/05\/10.330.003-Calibrador-de-Reducao-IPR-V1-300x300.png 300w, https:\/\/microdont.com.br\/wp-content\/uploads\/2026\/05\/10.330.003-Calibrador-de-Reducao-IPR-V1-150x150.png 150w, https:\/\/microdont.com.br\/wp-content\/uploads\/2026\/05\/10.330.003-Calibrador-de-Reducao-IPR-V1-100x100.png 100w\" sizes=\"auto, (max-width: 600px) 100vw, 600px\" \/><\/figure><div class=\"wp-block-media-text__content\">\n<div class=\"wp-block-group pe-md-5\"><div class=\"wp-block-group__inner-container is-layout-constrained wp-block-group-is-layout-constrained\">\n<h6 class=\"wp-block-heading has-text-align-left has-text-color\" style=\"color:#377dff\">Calibrador de reducci\u00f3n<\/h6>\n\n\n\n<h2 class=\"wp-block-heading has-text-align-left fs-2 has-x-large-font-size\" style=\"font-style:normal;font-weight:600\">Evaluaci\u00f3n pr\u00e1ctica del desgaste interproximal predecible<\/h2>\n\n\n\n<p class=\"wp-block-paragraph\">El Calibrador de Reducci\u00f3n IPR es un instrumento desarrollado para ayudar a los ortodoncistas a realizar procedimientos de reducci\u00f3n interproximal (IPR) con mayor precisi\u00f3n y seguridad. Dise\u00f1ado para combinar practicidad y control cl\u00ednico, permite evaluar con precisi\u00f3n el espacio obtenido durante el desgaste interproximal, contribuyendo a una eliminaci\u00f3n del esmalte m\u00e1s controlada y predecible. Ideal para crear espacio durante el movimiento dental y la planificaci\u00f3n ortod\u00f3ncica, el Calibrador de Reducci\u00f3n &#8211; IPR ofrece a los profesionales m\u00e1s confianza y resultados cl\u00ednicos de mayor calidad.  <\/p>\n<\/div><\/div>\n<\/div><\/div>\n\n<div style=\"height:100px\" aria-hidden=\"true\" class=\"wp-block-spacer wp-embed-aspect-16-9 wp-has-aspect-ratio\"><\/div>\n\n<h2 class=\"wp-block-heading has-text-align-center w-md-40 mx-auto px-4\" style=\"font-size:1.75rem;font-style:normal;font-weight:600\">Microdont. Probado y evaluado por dentistas de todo el mundo<\/h2>\n\n<div style=\"height:5rem\" aria-hidden=\"true\" class=\"wp-block-spacer\"><\/div>\n\n<figure class=\"wp-block-embed aligncenter is-type-video is-provider-youtube wp-block-embed-youtube wp-embed-aspect-16-9 wp-has-aspect-ratio\"><div class=\"wp-block-embed__wrapper\">\n<iframe loading=\"lazy\" title=\"Institutional Video 3R - PT\" width=\"640\" height=\"360\" src=\"https:\/\/www.youtube.com\/embed\/l0Eo4nSbqMg?feature=oembed\" frameborder=\"0\" allow=\"accelerometer; autoplay; clipboard-write; encrypted-media; gyroscope; picture-in-picture; web-share\" referrerpolicy=\"strict-origin-when-cross-origin\" allowfullscreen><\/iframe>\n<\/div><\/figure>\n\n<div style=\"height:5rem\" aria-hidden=\"true\" class=\"wp-block-spacer\"><\/div>\n\n<div class=\"wp-block-columns container w-md-75 mx-auto is-layout-flex wp-container-core-columns-is-layout-8f761849 wp-block-columns-is-layout-flex\">\n<div class=\"wp-block-column px-3 is-layout-flow wp-block-column-is-layout-flow\">\n<div style=\"height:15px\" aria-hidden=\"true\" class=\"wp-block-spacer\"><\/div>\n\n\n\n<h3 class=\"wp-block-heading h5\" style=\"font-style:normal;font-weight:600\">Qui\u00e9nes somos<\/h3>\n\n\n\n<p class=\"small wp-block-paragraph\">Empresa brasile\u00f1a presente en m\u00e1s de 95 pa\u00edses que fabrica productos y equipos odontol\u00f3gicos desde hace m\u00e1s de 30 a\u00f1os.<\/p>\n<\/div>\n\n\n\n<div class=\"wp-block-column px-3 is-layout-flow wp-block-column-is-layout-flow\">\n<div style=\"height:15px\" aria-hidden=\"true\" class=\"wp-block-spacer\"><\/div>\n\n\n\n<h3 class=\"wp-block-heading h5\" style=\"font-style:normal;font-weight:600\">Calidad Microdont<\/h3>\n\n\n\n<p class=\"small wp-block-paragraph\">Puntas de diamante, brocas de metal duro, pulidores, cintas abrasivas, entre otros producidos con materias primas de calidad y tecnolog\u00eda propia.<\/p>\n<\/div>\n\n\n\n<div class=\"wp-block-column px-3 is-layout-flow wp-block-column-is-layout-flow\">\n<div style=\"height:15px\" aria-hidden=\"true\" class=\"wp-block-spacer\"><\/div>\n\n\n\n<h3 class=\"wp-block-heading h5\" style=\"font-style:normal;font-weight:600\">Certificaciones<\/h3>\n\n\n\n<p class=\"small wp-block-paragraph\">Los productos y equipos dentales de Microdont son fiables y est\u00e1n certificados por los organismos m\u00e1s importantes del sector, como la FDA, CE, MDSAP e ISO 13485.<\/p>\n<\/div>\n<\/div>\n\n<div style=\"height:100px\" aria-hidden=\"true\" class=\"wp-block-spacer\"><\/div>\n","protected":false},"excerpt":{"rendered":"<p>F\u00e1cil organizaci\u00f3n dentro de la cl\u00ednica dental<\/p>\n","protected":false},"author":1,"featured_media":0,"parent":0,"menu_order":0,"comment_status":"closed","ping_status":"closed","template":"page-templates\/page-landing.php","meta":{"_acf_changed":false,"footnotes":""},"class_list":["post-10931","page","type-page","status-publish","hentry"],"acf":[],"yoast_head":"<!-- This site is optimized with the Yoast SEO plugin v28.3 - https:\/\/yoast.com\/product\/yoast-seo-wordpress\/ -->\n<title>Accesorios - Microdont<\/title>\n<meta name=\"robots\" content=\"index, follow, max-snippet:-1, max-image-preview:large, max-video-preview:-1\" \/>\n<link rel=\"canonical\" href=\"https:\/\/microdont.com.br\/es\/accesorios\/\" \/>\n<meta property=\"og:locale\" content=\"es_ES\" \/>\n<meta property=\"og:type\" content=\"article\" \/>\n<meta property=\"og:title\" content=\"Accesorios - Microdont\" \/>\n<meta property=\"og:description\" content=\"F\u00e1cil organizaci\u00f3n dentro de la cl\u00ednica dental\" \/>\n<meta property=\"og:url\" content=\"https:\/\/microdont.com.br\/es\/accesorios\/\" \/>\n<meta property=\"og:site_name\" content=\"Microdont\" \/>\n<meta property=\"article:publisher\" content=\"https:\/\/www.facebook.com\/microdont\" \/>\n<meta property=\"article:modified_time\" content=\"2026-05-27T10:12:43+00:00\" \/>\n<meta property=\"og:image\" content=\"https:\/\/microdont.com.br\/wp-content\/uploads\/2023\/10\/broqueiro-aberto-scaled.webp\" \/>\n\t<meta property=\"og:image:width\" content=\"2560\" \/>\n\t<meta property=\"og:image:height\" content=\"2560\" \/>\n\t<meta property=\"og:image:type\" content=\"image\/webp\" \/>\n<meta name=\"twitter:card\" content=\"summary_large_image\" \/>\n<meta name=\"twitter:label1\" content=\"Tiempo de lectura\" \/>\n\t<meta name=\"twitter:data1\" content=\"4 minutos\" \/>\n<script type=\"application\/ld+json\" class=\"yoast-schema-graph\">{\"@context\":\"https:\\\/\\\/schema.org\",\"@graph\":[{\"@type\":\"WebPage\",\"@id\":\"https:\\\/\\\/microdont.com.br\\\/es\\\/accesorios\\\/\",\"url\":\"https:\\\/\\\/microdont.com.br\\\/es\\\/accesorios\\\/\",\"name\":\"Accesorios - Microdont\",\"isPartOf\":{\"@id\":\"https:\\\/\\\/microdont.com.br\\\/es\\\/#website\"},\"primaryImageOfPage\":{\"@id\":\"https:\\\/\\\/microdont.com.br\\\/es\\\/accesorios\\\/#primaryimage\"},\"image\":{\"@id\":\"https:\\\/\\\/microdont.com.br\\\/es\\\/accesorios\\\/#primaryimage\"},\"thumbnailUrl\":\"https:\\\/\\\/microdont.com.br\\\/wp-content\\\/uploads\\\/2023\\\/10\\\/broqueiro-aberto-1024x1024.webp\",\"datePublished\":\"2023-12-12T19:22:06+00:00\",\"dateModified\":\"2026-05-27T10:12:43+00:00\",\"breadcrumb\":{\"@id\":\"https:\\\/\\\/microdont.com.br\\\/es\\\/accesorios\\\/#breadcrumb\"},\"inLanguage\":\"es\",\"potentialAction\":[{\"@type\":\"ReadAction\",\"target\":[\"https:\\\/\\\/microdont.com.br\\\/es\\\/accesorios\\\/\"]}]},{\"@type\":\"ImageObject\",\"inLanguage\":\"es\",\"@id\":\"https:\\\/\\\/microdont.com.br\\\/es\\\/accesorios\\\/#primaryimage\",\"url\":\"https:\\\/\\\/microdont.com.br\\\/wp-content\\\/uploads\\\/2023\\\/10\\\/broqueiro-aberto-1024x1024.webp\",\"contentUrl\":\"https:\\\/\\\/microdont.com.br\\\/wp-content\\\/uploads\\\/2023\\\/10\\\/broqueiro-aberto-1024x1024.webp\"},{\"@type\":\"BreadcrumbList\",\"@id\":\"https:\\\/\\\/microdont.com.br\\\/es\\\/accesorios\\\/#breadcrumb\",\"itemListElement\":[{\"@type\":\"ListItem\",\"position\":1,\"name\":\"In\u00edcio\",\"item\":\"https:\\\/\\\/microdont.com.br\\\/es\\\/\"},{\"@type\":\"ListItem\",\"position\":2,\"name\":\"Accesorios\"}]},{\"@type\":\"WebSite\",\"@id\":\"https:\\\/\\\/microdont.com.br\\\/es\\\/#website\",\"url\":\"https:\\\/\\\/microdont.com.br\\\/es\\\/\",\"name\":\"Microdont\",\"description\":\"Produtos e Equipamentos Odontol\u00f3gicos\",\"publisher\":{\"@id\":\"https:\\\/\\\/microdont.com.br\\\/es\\\/#organization\"},\"potentialAction\":[{\"@type\":\"SearchAction\",\"target\":{\"@type\":\"EntryPoint\",\"urlTemplate\":\"https:\\\/\\\/microdont.com.br\\\/es\\\/?s={search_term_string}\"},\"query-input\":{\"@type\":\"PropertyValueSpecification\",\"valueRequired\":true,\"valueName\":\"search_term_string\"}}],\"inLanguage\":\"es\"},{\"@type\":\"Organization\",\"@id\":\"https:\\\/\\\/microdont.com.br\\\/es\\\/#organization\",\"name\":\"Microdont\",\"url\":\"https:\\\/\\\/microdont.com.br\\\/es\\\/\",\"logo\":{\"@type\":\"ImageObject\",\"inLanguage\":\"es\",\"@id\":\"https:\\\/\\\/microdont.com.br\\\/es\\\/#\\\/schema\\\/logo\\\/image\\\/\",\"url\":\"https:\\\/\\\/microdont.com.br\\\/wp-content\\\/uploads\\\/2023\\\/07\\\/logo-microdont.png\",\"contentUrl\":\"https:\\\/\\\/microdont.com.br\\\/wp-content\\\/uploads\\\/2023\\\/07\\\/logo-microdont.png\",\"width\":545,\"height\":157,\"caption\":\"Microdont\"},\"image\":{\"@id\":\"https:\\\/\\\/microdont.com.br\\\/es\\\/#\\\/schema\\\/logo\\\/image\\\/\"},\"sameAs\":[\"https:\\\/\\\/www.facebook.com\\\/microdont\",\"https:\\\/\\\/www.instagram.com\\\/microdont\",\"https:\\\/\\\/www.youtube.com\\\/@microdontcompany\",\"https:\\\/\\\/www.linkedin.com\\\/company\\\/microdontcompany\\\/\"]}]}<\/script>\n<!-- \/ Yoast SEO plugin. -->","yoast_head_json":{"title":"Accesorios - Microdont","robots":{"index":"index","follow":"follow","max-snippet":"max-snippet:-1","max-image-preview":"max-image-preview:large","max-video-preview":"max-video-preview:-1"},"canonical":"https:\/\/microdont.com.br\/es\/accesorios\/","og_locale":"es_ES","og_type":"article","og_title":"Accesorios - Microdont","og_description":"F\u00e1cil organizaci\u00f3n dentro de la cl\u00ednica dental","og_url":"https:\/\/microdont.com.br\/es\/accesorios\/","og_site_name":"Microdont","article_publisher":"https:\/\/www.facebook.com\/microdont","article_modified_time":"2026-05-27T10:12:43+00:00","og_image":[{"width":2560,"height":2560,"url":"https:\/\/microdont.com.br\/wp-content\/uploads\/2023\/10\/broqueiro-aberto-scaled.webp","type":"image\/webp"}],"twitter_card":"summary_large_image","twitter_misc":{"Tiempo de lectura":"4 minutos"},"schema":{"@context":"https:\/\/schema.org","@graph":[{"@type":"WebPage","@id":"https:\/\/microdont.com.br\/es\/accesorios\/","url":"https:\/\/microdont.com.br\/es\/accesorios\/","name":"Accesorios - Microdont","isPartOf":{"@id":"https:\/\/microdont.com.br\/es\/#website"},"primaryImageOfPage":{"@id":"https:\/\/microdont.com.br\/es\/accesorios\/#primaryimage"},"image":{"@id":"https:\/\/microdont.com.br\/es\/accesorios\/#primaryimage"},"thumbnailUrl":"https:\/\/microdont.com.br\/wp-content\/uploads\/2023\/10\/broqueiro-aberto-1024x1024.webp","datePublished":"2023-12-12T19:22:06+00:00","dateModified":"2026-05-27T10:12:43+00:00","breadcrumb":{"@id":"https:\/\/microdont.com.br\/es\/accesorios\/#breadcrumb"},"inLanguage":"es","potentialAction":[{"@type":"ReadAction","target":["https:\/\/microdont.com.br\/es\/accesorios\/"]}]},{"@type":"ImageObject","inLanguage":"es","@id":"https:\/\/microdont.com.br\/es\/accesorios\/#primaryimage","url":"https:\/\/microdont.com.br\/wp-content\/uploads\/2023\/10\/broqueiro-aberto-1024x1024.webp","contentUrl":"https:\/\/microdont.com.br\/wp-content\/uploads\/2023\/10\/broqueiro-aberto-1024x1024.webp"},{"@type":"BreadcrumbList","@id":"https:\/\/microdont.com.br\/es\/accesorios\/#breadcrumb","itemListElement":[{"@type":"ListItem","position":1,"name":"In\u00edcio","item":"https:\/\/microdont.com.br\/es\/"},{"@type":"ListItem","position":2,"name":"Accesorios"}]},{"@type":"WebSite","@id":"https:\/\/microdont.com.br\/es\/#website","url":"https:\/\/microdont.com.br\/es\/","name":"Microdont","description":"Produtos e Equipamentos Odontol\u00f3gicos","publisher":{"@id":"https:\/\/microdont.com.br\/es\/#organization"},"potentialAction":[{"@type":"SearchAction","target":{"@type":"EntryPoint","urlTemplate":"https:\/\/microdont.com.br\/es\/?s={search_term_string}"},"query-input":{"@type":"PropertyValueSpecification","valueRequired":true,"valueName":"search_term_string"}}],"inLanguage":"es"},{"@type":"Organization","@id":"https:\/\/microdont.com.br\/es\/#organization","name":"Microdont","url":"https:\/\/microdont.com.br\/es\/","logo":{"@type":"ImageObject","inLanguage":"es","@id":"https:\/\/microdont.com.br\/es\/#\/schema\/logo\/image\/","url":"https:\/\/microdont.com.br\/wp-content\/uploads\/2023\/07\/logo-microdont.png","contentUrl":"https:\/\/microdont.com.br\/wp-content\/uploads\/2023\/07\/logo-microdont.png","width":545,"height":157,"caption":"Microdont"},"image":{"@id":"https:\/\/microdont.com.br\/es\/#\/schema\/logo\/image\/"},"sameAs":["https:\/\/www.facebook.com\/microdont","https:\/\/www.instagram.com\/microdont","https:\/\/www.youtube.com\/@microdontcompany","https:\/\/www.linkedin.com\/company\/microdontcompany\/"]}]}},"_links":{"self":[{"href":"https:\/\/microdont.com.br\/es\/wp-json\/wp\/v2\/pages\/10931","targetHints":{"allow":["GET"]}}],"collection":[{"href":"https:\/\/microdont.com.br\/es\/wp-json\/wp\/v2\/pages"}],"about":[{"href":"https:\/\/microdont.com.br\/es\/wp-json\/wp\/v2\/types\/page"}],"author":[{"embeddable":true,"href":"https:\/\/microdont.com.br\/es\/wp-json\/wp\/v2\/users\/1"}],"replies":[{"embeddable":true,"href":"https:\/\/microdont.com.br\/es\/wp-json\/wp\/v2\/comments?post=10931"}],"version-history":[{"count":25,"href":"https:\/\/microdont.com.br\/es\/wp-json\/wp\/v2\/pages\/10931\/revisions"}],"predecessor-version":[{"id":23151,"href":"https:\/\/microdont.com.br\/es\/wp-json\/wp\/v2\/pages\/10931\/revisions\/23151"}],"wp:attachment":[{"href":"https:\/\/microdont.com.br\/es\/wp-json\/wp\/v2\/media?parent=10931"}],"curies":[{"name":"wp","href":"https:\/\/api.w.org\/{rel}","templated":true}]}}